{"id":22,"date":"2024-09-30T11:22:48","date_gmt":"2024-09-30T11:22:48","guid":{"rendered":"https:\/\/traveldreamcar.fr\/tarifs\/"},"modified":"2024-09-30T19:17:36","modified_gmt":"2024-09-30T19:17:36","slug":"tarifs","status":"publish","type":"page","link":"https:\/\/traveldreamcar.fr\/en\/tarifs\/","title":{"rendered":"Tarifs"},"content":{"rendered":"<div class=\"wp-block-group alignfull has-background-background-color has-background has-global-padding is-layout-constrained wp-block-group-is-layout-constrained\" style=\"margin-top:0;margin-bottom:0;padding-top:0;padding-bottom:0\">\n<div class=\"wp-block-cover alignfull\" style=\"padding-top:0;padding-right:var(--wp--preset--spacing--30);padding-bottom:0;padding-left:var(--wp--preset--spacing--30);min-height:205px;aspect-ratio:unset;\"><span aria-hidden=\"true\" class=\"wp-block-cover__background has-black-background-color has-background-dim-60 has-background-dim\"><\/span><img loading=\"lazy\" decoding=\"async\" width=\"1707\" height=\"2560\" class=\"wp-block-cover__image-background wp-image-53\" alt=\"\" src=\"https:\/\/traveldreamcar.fr\/wp-content\/uploads\/2024\/09\/2410a225f32229e1a6e6c1da19ae5fd997f8fcf0-scaled.jpg\" data-object-fit=\"cover\" srcset=\"https:\/\/traveldreamcar.fr\/wp-content\/uploads\/2024\/09\/2410a225f32229e1a6e6c1da19ae5fd997f8fcf0-scaled.jpg 1707w, https:\/\/traveldreamcar.fr\/wp-content\/uploads\/2024\/09\/2410a225f32229e1a6e6c1da19ae5fd997f8fcf0-200x300.jpg 200w, https:\/\/traveldreamcar.fr\/wp-content\/uploads\/2024\/09\/2410a225f32229e1a6e6c1da19ae5fd997f8fcf0-683x1024.jpg 683w, https:\/\/traveldreamcar.fr\/wp-content\/uploads\/2024\/09\/2410a225f32229e1a6e6c1da19ae5fd997f8fcf0-768x1152.jpg 768w, https:\/\/traveldreamcar.fr\/wp-content\/uploads\/2024\/09\/2410a225f32229e1a6e6c1da19ae5fd997f8fcf0-1024x1536.jpg 1024w, https:\/\/traveldreamcar.fr\/wp-content\/uploads\/2024\/09\/2410a225f32229e1a6e6c1da19ae5fd997f8fcf0-1365x2048.jpg 1365w, https:\/\/traveldreamcar.fr\/wp-content\/uploads\/2024\/09\/2410a225f32229e1a6e6c1da19ae5fd997f8fcf0-600x900.jpg 600w\" sizes=\"auto, (max-width: 1707px) 100vw, 1707px\" \/><div class=\"wp-block-cover__inner-container is-layout-flow wp-block-cover-is-layout-flow\">\n<div class=\"wp-block-group has-global-padding is-layout-constrained wp-block-group-is-layout-constrained\" style=\"padding-top:var(--wp--preset--spacing--60);padding-bottom:var(--wp--preset--spacing--60)\">\n<h1 class=\"wp-block-heading alignwide has-text-align-left has-text-color has-x-large-font-size\" style=\"color:#fffffffc\">Des tarifs comp\u00e9titifs pour tous<\/h1>\n<\/div>\n<\/div><\/div>\n<\/div>\n\n\n\n<div class=\"wp-block-group alignfull has-tertiary-background-color has-background has-global-padding is-layout-constrained wp-container-core-group-is-layout-254d6575 wp-block-group-is-layout-constrained\" id=\"tarifs\" style=\"margin-top:0;margin-bottom:0;padding-top:var(--wp--preset--spacing--60);padding-right:var(--wp--preset--spacing--30);padding-bottom:var(--wp--preset--spacing--60);padding-left:var(--wp--preset--spacing--30)\">\n<div class=\"wp-block-group alignwide has-global-padding is-content-justification-left is-layout-constrained wp-container-core-group-is-layout-8b4c372c wp-block-group-is-layout-constrained\">\n<h2 class=\"wp-block-heading has-text-align-left has-large-font-size\">Tarifs de nos services<\/h2>\n\n\n\n<p class=\"has-text-align-left\" style=\"margin-top:16px\">Chez TRAVEL DREAM CAR, nous croyons en la transparence et en des tarifs comp\u00e9titifs. C&rsquo;est pourquoi nous avons \u00e9tabli des tarifs clairs et abordables pour chacun de nos services VIP.<\/p>\n<\/div>\n\n\n\n<div class=\"wp-block-columns alignwide is-layout-flex wp-container-core-columns-is-layout-e1fea541 wp-block-columns-is-layout-flex\" style=\"margin-top:var(--wp--preset--spacing--50)\">\n<div class=\"wp-block-column has-background-background-color has-background is-layout-flow wp-block-column-is-layout-flow\">\n<div class=\"wp-block-group has-global-padding is-layout-constrained wp-container-core-group-is-layout-eb524166 wp-block-group-is-layout-constrained\" style=\"padding-top:var(--wp--preset--spacing--40);padding-right:var(--wp--preset--spacing--30);padding-bottom:var(--wp--preset--spacing--40);padding-left:var(--wp--preset--spacing--30)\">\n<figure class=\"wp-block-image aligncenter size-large is-resized\"><img loading=\"lazy\" decoding=\"async\" width=\"778\" height=\"1024\" src=\"https:\/\/traveldreamcar.fr\/wp-content\/uploads\/2024\/09\/ricardo-gomez-angel-2wrzP2aMBRI-unsplash-3-778x1024.jpg\" alt=\"\" class=\"wp-image-235\" style=\"width:129px;height:auto\" srcset=\"https:\/\/traveldreamcar.fr\/wp-content\/uploads\/2024\/09\/ricardo-gomez-angel-2wrzP2aMBRI-unsplash-3-778x1024.jpg 778w, https:\/\/traveldreamcar.fr\/wp-content\/uploads\/2024\/09\/ricardo-gomez-angel-2wrzP2aMBRI-unsplash-3-228x300.jpg 228w, https:\/\/traveldreamcar.fr\/wp-content\/uploads\/2024\/09\/ricardo-gomez-angel-2wrzP2aMBRI-unsplash-3-768x1011.jpg 768w, https:\/\/traveldreamcar.fr\/wp-content\/uploads\/2024\/09\/ricardo-gomez-angel-2wrzP2aMBRI-unsplash-3-1167x1536.jpg 1167w, https:\/\/traveldreamcar.fr\/wp-content\/uploads\/2024\/09\/ricardo-gomez-angel-2wrzP2aMBRI-unsplash-3-1556x2048.jpg 1556w, https:\/\/traveldreamcar.fr\/wp-content\/uploads\/2024\/09\/ricardo-gomez-angel-2wrzP2aMBRI-unsplash-3-600x790.jpg 600w, https:\/\/traveldreamcar.fr\/wp-content\/uploads\/2024\/09\/ricardo-gomez-angel-2wrzP2aMBRI-unsplash-3-scaled.jpg 1945w\" sizes=\"auto, (max-width: 778px) 100vw, 778px\" \/><\/figure>\n\n\n\n<h3 class=\"wp-block-heading has-text-align-center\" style=\"margin-top:12px\">\u00e0 partir de 120\u20ac<\/h3>\n\n\n\n<h3 class=\"wp-block-heading has-text-align-center\" style=\"margin-top:16px;font-size:clamp(14px, 0.875rem + ((1vw - 3.2px) * 0.625), 20px);\">Transfert A\u00e9roport  \u2192 Paris<\/h3>\n\n\n\n<p class=\"has-text-align-center has-small-font-size\" style=\"margin-top:var(--wp--preset--spacing--40)\">Transport VIP \u00e0 partir des A\u00e9roport de Paris vers tout paris.<\/p>\n\n\n\n<div class=\"wp-block-buttons is-layout-flex wp-block-buttons-is-layout-flex\" style=\"margin-top:var(--wp--preset--spacing--40)\">\n<div class=\"wp-block-button has-custom-width wp-block-button__width-100\"><a class=\"wp-block-button__link wp-element-button\" href=\"\/en\/services\/\">R\u00e9servez ici<\/a><\/div>\n<\/div>\n<\/div>\n<\/div>\n\n\n\n<div class=\"wp-block-column has-background-background-color has-background is-layout-flow wp-block-column-is-layout-flow\">\n<div class=\"wp-block-group has-global-padding is-layout-constrained wp-container-core-group-is-layout-eb524166 wp-block-group-is-layout-constrained\" style=\"padding-top:var(--wp--preset--spacing--40);padding-right:var(--wp--preset--spacing--30);padding-bottom:var(--wp--preset--spacing--40);padding-left:var(--wp--preset--spacing--30)\">\n<figure class=\"wp-block-image alignfull size-large\"><img loading=\"lazy\" decoding=\"async\" width=\"1024\" height=\"678\" src=\"https:\/\/traveldreamcar.fr\/wp-content\/uploads\/2024\/09\/soyoung-han-hf4h4o3g2C0-unsplash-2-1024x678.jpg\" alt=\"\" class=\"wp-image-243\" srcset=\"https:\/\/traveldreamcar.fr\/wp-content\/uploads\/2024\/09\/soyoung-han-hf4h4o3g2C0-unsplash-2-1024x678.jpg 1024w, https:\/\/traveldreamcar.fr\/wp-content\/uploads\/2024\/09\/soyoung-han-hf4h4o3g2C0-unsplash-2-300x199.jpg 300w, https:\/\/traveldreamcar.fr\/wp-content\/uploads\/2024\/09\/soyoung-han-hf4h4o3g2C0-unsplash-2-768x509.jpg 768w, https:\/\/traveldreamcar.fr\/wp-content\/uploads\/2024\/09\/soyoung-han-hf4h4o3g2C0-unsplash-2-1536x1017.jpg 1536w, https:\/\/traveldreamcar.fr\/wp-content\/uploads\/2024\/09\/soyoung-han-hf4h4o3g2C0-unsplash-2-2048x1356.jpg 2048w, https:\/\/traveldreamcar.fr\/wp-content\/uploads\/2024\/09\/soyoung-han-hf4h4o3g2C0-unsplash-2-600x397.jpg 600w\" sizes=\"auto, (max-width: 1024px) 100vw, 1024px\" \/><\/figure>\n\n\n\n<h3 class=\"wp-block-heading has-text-align-center\" style=\"margin-top:12px\">\u00e0 partir de 150\u20ac<\/h3>\n\n\n\n<h3 class=\"wp-block-heading has-text-align-center\" style=\"margin-top:16px;font-size:clamp(14px, 0.875rem + ((1vw - 3.2px) * 0.625), 20px);\">Transport Paris \u2192 Disney<\/h3>\n\n\n\n<p class=\"has-text-align-center has-small-font-size\" style=\"margin-top:var(--wp--preset--spacing--40)\">Transport VIP vers Disneyland Paris.<\/p>\n\n\n\n<div class=\"wp-block-buttons is-layout-flex wp-block-buttons-is-layout-flex\" style=\"margin-top:var(--wp--preset--spacing--40)\">\n<div class=\"wp-block-button has-custom-width wp-block-button__width-100\"><a class=\"wp-block-button__link wp-element-button\" href=\"\/en\/services\/\">R\u00e9servez ici<\/a><\/div>\n<\/div>\n<\/div>\n<\/div>\n\n\n\n<div class=\"wp-block-column has-background-background-color has-background is-layout-flow wp-block-column-is-layout-flow\">\n<div class=\"wp-block-group has-global-padding is-layout-constrained wp-container-core-group-is-layout-eb524166 wp-block-group-is-layout-constrained\" style=\"padding-top:var(--wp--preset--spacing--40);padding-right:var(--wp--preset--spacing--30);padding-bottom:var(--wp--preset--spacing--40);padding-left:var(--wp--preset--spacing--30)\">\n<figure class=\"wp-block-image alignfull size-large\"><img loading=\"lazy\" decoding=\"async\" width=\"1024\" height=\"683\" src=\"https:\/\/traveldreamcar.fr\/wp-content\/uploads\/2024\/09\/ugur-akdemir-V_Q25mLo6c8-unsplash-2-1024x683.jpg\" alt=\"\" class=\"wp-image-230\" srcset=\"https:\/\/traveldreamcar.fr\/wp-content\/uploads\/2024\/09\/ugur-akdemir-V_Q25mLo6c8-unsplash-2-1024x683.jpg 1024w, https:\/\/traveldreamcar.fr\/wp-content\/uploads\/2024\/09\/ugur-akdemir-V_Q25mLo6c8-unsplash-2-300x200.jpg 300w, https:\/\/traveldreamcar.fr\/wp-content\/uploads\/2024\/09\/ugur-akdemir-V_Q25mLo6c8-unsplash-2-768x512.jpg 768w, https:\/\/traveldreamcar.fr\/wp-content\/uploads\/2024\/09\/ugur-akdemir-V_Q25mLo6c8-unsplash-2-1536x1024.jpg 1536w, https:\/\/traveldreamcar.fr\/wp-content\/uploads\/2024\/09\/ugur-akdemir-V_Q25mLo6c8-unsplash-2-2048x1365.jpg 2048w, https:\/\/traveldreamcar.fr\/wp-content\/uploads\/2024\/09\/ugur-akdemir-V_Q25mLo6c8-unsplash-2-600x400.jpg 600w\" sizes=\"auto, (max-width: 1024px) 100vw, 1024px\" \/><\/figure>\n\n\n\n<h3 class=\"wp-block-heading has-text-align-center\" style=\"margin-top:12px\">\u00e0 partir de 90\u20ac<\/h3>\n\n\n\n<h3 class=\"wp-block-heading has-text-align-center\" style=\"margin-top:16px;font-size:clamp(14px, 0.875rem + ((1vw - 3.2px) * 0.625), 20px);\">Transport Gare \u2192 Paris<\/h3>\n\n\n\n<p class=\"has-text-align-center has-small-font-size\" style=\"margin-top:var(--wp--preset--spacing--40)\">Transport VIP rapide et efficace \u00e0 partir des Gares parisienne vers tout paris.<\/p>\n\n\n\n<div class=\"wp-block-buttons is-layout-flex wp-block-buttons-is-layout-flex\" style=\"margin-top:var(--wp--preset--spacing--40)\">\n<div class=\"wp-block-button has-custom-width wp-block-button__width-100\"><a class=\"wp-block-button__link wp-element-button\" href=\"\/en\/services\/\">R\u00e9servez ici<\/a><\/div>\n<\/div>\n<\/div>\n<\/div>\n\n\n\n<div class=\"wp-block-column has-background-background-color has-background is-layout-flow wp-block-column-is-layout-flow\">\n<div class=\"wp-block-group has-global-padding is-layout-constrained wp-container-core-group-is-layout-eb524166 wp-block-group-is-layout-constrained\" style=\"padding-top:var(--wp--preset--spacing--40);padding-right:var(--wp--preset--spacing--30);padding-bottom:var(--wp--preset--spacing--40);padding-left:var(--wp--preset--spacing--30)\">\n<figure class=\"wp-block-image alignfull size-large\"><img loading=\"lazy\" decoding=\"async\" width=\"1024\" height=\"683\" src=\"https:\/\/traveldreamcar.fr\/wp-content\/uploads\/2024\/09\/tamara-menzi-maZjDox-5Cs-unsplash-3-1024x683.jpg\" alt=\"\" class=\"wp-image-233\" srcset=\"https:\/\/traveldreamcar.fr\/wp-content\/uploads\/2024\/09\/tamara-menzi-maZjDox-5Cs-unsplash-3-1024x683.jpg 1024w, https:\/\/traveldreamcar.fr\/wp-content\/uploads\/2024\/09\/tamara-menzi-maZjDox-5Cs-unsplash-3-300x200.jpg 300w, https:\/\/traveldreamcar.fr\/wp-content\/uploads\/2024\/09\/tamara-menzi-maZjDox-5Cs-unsplash-3-768x512.jpg 768w, https:\/\/traveldreamcar.fr\/wp-content\/uploads\/2024\/09\/tamara-menzi-maZjDox-5Cs-unsplash-3-1536x1024.jpg 1536w, https:\/\/traveldreamcar.fr\/wp-content\/uploads\/2024\/09\/tamara-menzi-maZjDox-5Cs-unsplash-3-2048x1365.jpg 2048w, https:\/\/traveldreamcar.fr\/wp-content\/uploads\/2024\/09\/tamara-menzi-maZjDox-5Cs-unsplash-3-600x400.jpg 600w\" sizes=\"auto, (max-width: 1024px) 100vw, 1024px\" \/><\/figure>\n\n\n\n<h3 class=\"wp-block-heading has-text-align-center\" style=\"margin-top:12px\">Sur Devis<\/h3>\n\n\n\n<h3 class=\"wp-block-heading has-text-align-center\" style=\"margin-top:16px;font-size:clamp(14px, 0.875rem + ((1vw - 3.2px) * 0.625), 20px);\">Mise \u00e0 disposition<\/h3>\n\n\n\n<p class=\"has-text-align-center has-small-font-size\" style=\"margin-top:var(--wp--preset--spacing--40)\">Transport VIP pour Mariage, S\u00e9minaire, Tour de Paris, Visite ou autres.<\/p>\n\n\n\n<div class=\"wp-block-buttons is-layout-flex wp-block-buttons-is-layout-flex\" style=\"margin-top:var(--wp--preset--spacing--40)\">\n<div class=\"wp-block-button has-custom-width wp-block-button__width-100\"><a class=\"wp-block-button__link wp-element-button\" href=\"\/en\/services\/\">R\u00e9servez ici<\/a><\/div>\n<\/div>\n<\/div>\n<\/div>\n<\/div>\n<\/div>\n\n\n\n<div class=\"wp-block-group alignfull has-background-background-color has-background has-global-padding is-layout-constrained wp-container-core-group-is-layout-fb85e995 wp-block-group-is-layout-constrained\" style=\"margin-top:0;margin-bottom:0;padding-top:var(--wp--preset--spacing--60);padding-right:var(--wp--preset--spacing--30);padding-bottom:var(--wp--preset--spacing--60);padding-left:var(--wp--preset--spacing--30)\">\n<h2 class=\"wp-block-heading has-text-align-center has-large-font-size\">R\u00e9servez votre trajet VIP d\u00e8s maintenant<\/h2>\n\n\n\n<p class=\"has-text-align-center\" style=\"margin-top:16px\">R\u00e9servez d\u00e8s maintenant votre transport VIP avec TRAVEL DREAM CAR. Flotte de luxe, chauffeurs exp\u00e9riment\u00e9s et service sur-mesure pour une exp\u00e9rience inoubliable.<\/p>\n\n\n\n<div class=\"wp-block-buttons is-content-justification-center is-layout-flex wp-container-core-buttons-is-layout-720bcce9 wp-block-buttons-is-layout-flex\">\n<div class=\"wp-block-button is-style-outline is-style-outline--1\"><a class=\"wp-block-button__link wp-element-button\" href=\"\/en\/services\/\">D\u00e9couvrir nos offres<\/a><\/div>\n\n\n\n<div class=\"wp-block-button\"><a class=\"wp-block-button__link wp-element-button\" href=\"\/en\/reservation\/\">R\u00e9servez votre trajet d\u00e8s maintenant<\/a><\/div>\n<\/div>\n<\/div>\n\n\n\n<div class=\"wp-block-group alignfull has-tertiary-background-color has-background has-global-padding is-layout-constrained wp-container-core-group-is-layout-7276a2bb wp-block-group-is-layout-constrained\" id=\"contactez-nous\" style=\"margin-top:0;margin-bottom:0;padding-top:var(--wp--preset--spacing--60);padding-right:var(--wp--preset--spacing--30);padding-bottom:var(--wp--preset--spacing--60);padding-left:var(--wp--preset--spacing--30)\">\n<div class=\"wp-block-columns alignwide is-layout-flex wp-container-core-columns-is-layout-fa584acd wp-block-columns-is-layout-flex\">\n<div class=\"wp-block-column is-layout-flow wp-block-column-is-layout-flow\" style=\"flex-basis:50%\">\n<div class=\"wp-block-group has-global-padding is-layout-constrained wp-block-group-is-layout-constrained\" style=\"margin-bottom:var(--wp--preset--spacing--40)\">\n<h2 class=\"wp-block-heading has-large-font-size\">Contact us<\/h2>\n\n\n\n<p style=\"margin-top:1rem\">Nous sommes ravis de vous assister pour tous vos besoins en transport VIP. Veuillez utiliser les coordonn\u00e9es ci-dessous pour nous joindre.<\/p>\n<\/div>\n\n\n\n<div class=\"wp-block-contact-form-7-contact-form-selector\"><p class=\"wpcf7-contact-form-not-found\"><strong>Error:<\/strong> Contact form not found.<\/p><\/div>\n<\/div>\n\n\n\n<div class=\"wp-block-column is-layout-flow wp-block-column-is-layout-flow\" style=\"flex-basis:50%\">\n<figure class=\"wp-block-image aligncenter size-large is-resized\"><img loading=\"lazy\" decoding=\"async\" width=\"683\" height=\"1024\" src=\"https:\/\/traveldreamcar.fr\/wp-content\/uploads\/2024\/09\/building-peaks-over-apartment-balconies-683x1024.jpg\" alt=\"\" class=\"wp-image-174\" style=\"aspect-ratio:0.75;object-fit:cover;width:304px;height:auto\" srcset=\"https:\/\/traveldreamcar.fr\/wp-content\/uploads\/2024\/09\/building-peaks-over-apartment-balconies-683x1024.jpg 683w, https:\/\/traveldreamcar.fr\/wp-content\/uploads\/2024\/09\/building-peaks-over-apartment-balconies-200x300.jpg 200w, https:\/\/traveldreamcar.fr\/wp-content\/uploads\/2024\/09\/building-peaks-over-apartment-balconies-768x1152.jpg 768w, https:\/\/traveldreamcar.fr\/wp-content\/uploads\/2024\/09\/building-peaks-over-apartment-balconies-1024x1536.jpg 1024w, https:\/\/traveldreamcar.fr\/wp-content\/uploads\/2024\/09\/building-peaks-over-apartment-balconies-1365x2048.jpg 1365w, https:\/\/traveldreamcar.fr\/wp-content\/uploads\/2024\/09\/building-peaks-over-apartment-balconies-600x900.jpg 600w, https:\/\/traveldreamcar.fr\/wp-content\/uploads\/2024\/09\/building-peaks-over-apartment-balconies-scaled.jpg 1706w\" sizes=\"auto, (max-width: 683px) 100vw, 683px\" \/><\/figure>\n<\/div>\n<\/div>\n<\/div>","protected":false},"excerpt":{"rendered":"<p>Tarifs de nos services Chez TRAVEL DREAM CAR, nous croyons en la transparence et en des tarifs comp\u00e9titifs. C&rsquo;est pourquoi nous avons \u00e9tabli des tarifs clairs et abordables pour chacun de nos services VIP. \u00e0 partir de 120\u20ac Transfert A\u00e9roport \u2192 Paris Transport VIP \u00e0 partir des A\u00e9roport de Paris vers tout paris. \u00e0 partir [&hellip;]<\/p>\n","protected":false},"author":1,"featured_media":0,"parent":0,"menu_order":0,"comment_status":"closed","ping_status":"closed","template":"no-title","meta":{"footnotes":""},"class_list":["post-22","page","type-page","status-publish","hentry"],"_links":{"self":[{"href":"https:\/\/traveldreamcar.fr\/en\/wp-json\/wp\/v2\/pages\/22","targetHints":{"allow":["GET"]}}],"collection":[{"href":"https:\/\/traveldreamcar.fr\/en\/wp-json\/wp\/v2\/pages"}],"about":[{"href":"https:\/\/traveldreamcar.fr\/en\/wp-json\/wp\/v2\/types\/page"}],"author":[{"embeddable":true,"href":"https:\/\/traveldreamcar.fr\/en\/wp-json\/wp\/v2\/users\/1"}],"replies":[{"embeddable":true,"href":"https:\/\/traveldreamcar.fr\/en\/wp-json\/wp\/v2\/comments?post=22"}],"version-history":[{"count":16,"href":"https:\/\/traveldreamcar.fr\/en\/wp-json\/wp\/v2\/pages\/22\/revisions"}],"predecessor-version":[{"id":247,"href":"https:\/\/traveldreamcar.fr\/en\/wp-json\/wp\/v2\/pages\/22\/revisions\/247"}],"wp:attachment":[{"href":"https:\/\/traveldreamcar.fr\/en\/wp-json\/wp\/v2\/media?parent=22"}],"curies":[{"name":"wp","href":"https:\/\/api.w.org\/{rel}","templated":true}]}}